{"id":3997,"date":"2022-11-15T07:44:13","date_gmt":"2022-11-15T07:44:13","guid":{"rendered":"https:\/\/berghotel-rasis.at\/welcome\/the-cafe-rasis\/"},"modified":"2026-04-13T12:24:30","modified_gmt":"2026-04-13T12:24:30","slug":"the-cafe-rasis","status":"publish","type":"page","link":"https:\/\/berghotel-rasis.at\/en\/welcome\/the-cafe-rasis\/","title":{"rendered":"The Caf\u00e9 Rasis"},"content":{"rendered":"\t\t<div data-elementor-type=\"wp-page\" data-elementor-id=\"3997\" class=\"elementor elementor-3997 elementor-12\" data-elementor-post-type=\"page\">\n\t\t\t\t\t\t<section class=\"elementor-section elementor-top-section elementor-element elementor-element-67f1218f elementor-section-height-min-height header-color elementor-section-boxed elementor-section-height-default elementor-section-items-middle\" data-id=\"67f1218f\" data-element_type=\"section\" data-e-type=\"section\" data-settings=\"{&quot;background_background&quot;:&quot;classic&quot;}\">\n\t\t\t\t\t\t<div class=\"elementor-container elementor-column-gap-default\">\n\t\t\t\t\t<div class=\"elementor-column elementor-col-100 elementor-top-column elementor-element elementor-element-29bca84f\" data-id=\"29bca84f\" data-element_type=\"column\" data-e-type=\"column\">\n\t\t\t<div class=\"elementor-widget-wrap\">\n\t\t\t\t\t\t\t<\/div>\n\t\t<\/div>\n\t\t\t\t\t<\/div>\n\t\t<\/section>\n\t\t\t\t<section class=\"elementor-section elementor-top-section elementor-element elementor-element-61aa4337 elementor-section-boxed elementor-section-height-default elementor-section-height-default\" data-id=\"61aa4337\" data-element_type=\"section\" data-e-type=\"section\">\n\t\t\t\t\t\t<div class=\"elementor-container elementor-column-gap-default\">\n\t\t\t\t\t<div class=\"elementor-column elementor-col-100 elementor-top-column elementor-element elementor-element-26e99d1b\" data-id=\"26e99d1b\" data-element_type=\"column\" data-e-type=\"column\">\n\t\t\t<div class=\"elementor-widget-wrap elementor-element-populated\">\n\t\t\t\t\t\t<section class=\"elementor-section elementor-inner-section elementor-element elementor-element-464de6d8 elementor-section-height-min-height img3-left elementor-hidden-tablet elementor-hidden-mobile_extra elementor-hidden-mobile elementor-section-boxed elementor-section-height-default\" data-id=\"464de6d8\" data-element_type=\"section\" data-e-type=\"section\">\n\t\t\t\t\t\t<div class=\"elementor-container elementor-column-gap-default\">\n\t\t\t\t\t<div class=\"elementor-column elementor-col-100 elementor-inner-column elementor-element elementor-element-3e91b6d\" data-id=\"3e91b6d\" data-element_type=\"column\" data-e-type=\"column\">\n\t\t\t<div class=\"elementor-widget-wrap elementor-element-populated\">\n\t\t\t\t\t\t<div class=\"elementor-element elementor-element-310c5c3e elementor-widget__width-auto elementor-absolute elementor-widget elementor-widget-image\" data-id=\"310c5c3e\" data-element_type=\"widget\" data-e-type=\"widget\" data-settings=\"{&quot;_position&quot;:&quot;absolute&quot;}\" data-widget_type=\"image.default\">\n\t\t\t\t<div class=\"elementor-widget-container\">\n\t\t\t\t\t\t\t\t\t\t\t\t\t\t\t<img fetchpriority=\"high\" decoding=\"async\" width=\"554\" height=\"554\" src=\"https:\/\/berghotel-rasis.at\/wp-content\/uploads\/2022\/11\/Berghotel-Rasis-Galtuer-Ischgl-Speisesaal2.png\" class=\"attachment-full size-full wp-image-3873\" alt=\"\" srcset=\"https:\/\/berghotel-rasis.at\/wp-content\/uploads\/2022\/11\/Berghotel-Rasis-Galtuer-Ischgl-Speisesaal2.png 554w, https:\/\/berghotel-rasis.at\/wp-content\/uploads\/2022\/11\/Berghotel-Rasis-Galtuer-Ischgl-Speisesaal2-300x300.png 300w, https:\/\/berghotel-rasis.at\/wp-content\/uploads\/2022\/11\/Berghotel-Rasis-Galtuer-Ischgl-Speisesaal2-150x150.png 150w\" sizes=\"(max-width: 554px) 100vw, 554px\" \/>\t\t\t\t\t\t\t\t\t\t\t\t\t\t\t<\/div>\n\t\t\t\t<\/div>\n\t\t\t\t<div class=\"elementor-element elementor-element-4a6713ec elementor-widget__width-auto elementor-absolute elementor-widget elementor-widget-image\" data-id=\"4a6713ec\" data-element_type=\"widget\" data-e-type=\"widget\" data-settings=\"{&quot;_position&quot;:&quot;absolute&quot;}\" data-widget_type=\"image.default\">\n\t\t\t\t<div class=\"elementor-widget-container\">\n\t\t\t\t\t\t\t\t\t\t\t\t\t\t\t<img decoding=\"async\" width=\"411\" height=\"411\" src=\"https:\/\/berghotel-rasis.at\/wp-content\/uploads\/2022\/11\/Berghotel_Rasis_Hotelbar_Zirbenstube.png\" class=\"attachment-full size-full wp-image-3877\" alt=\"\" srcset=\"https:\/\/berghotel-rasis.at\/wp-content\/uploads\/2022\/11\/Berghotel_Rasis_Hotelbar_Zirbenstube.png 411w, https:\/\/berghotel-rasis.at\/wp-content\/uploads\/2022\/11\/Berghotel_Rasis_Hotelbar_Zirbenstube-300x300.png 300w, https:\/\/berghotel-rasis.at\/wp-content\/uploads\/2022\/11\/Berghotel_Rasis_Hotelbar_Zirbenstube-150x150.png 150w\" sizes=\"(max-width: 411px) 100vw, 411px\" \/>\t\t\t\t\t\t\t\t\t\t\t\t\t\t\t<\/div>\n\t\t\t\t<\/div>\n\t\t\t\t<div class=\"elementor-element elementor-element-2744f30b elementor-widget__width-auto elementor-absolute elementor-widget elementor-widget-image\" data-id=\"2744f30b\" data-element_type=\"widget\" data-e-type=\"widget\" data-settings=\"{&quot;_position&quot;:&quot;absolute&quot;}\" data-widget_type=\"image.default\">\n\t\t\t\t<div class=\"elementor-widget-container\">\n\t\t\t\t\t\t\t\t\t\t\t\t\t\t\t<img decoding=\"async\" width=\"411\" height=\"411\" src=\"https:\/\/berghotel-rasis.at\/wp-content\/uploads\/2022\/11\/Berghotel-Rasis-Galtuer-Ischgl-Speisesaal5.png\" class=\"attachment-full size-full wp-image-3875\" alt=\"\" srcset=\"https:\/\/berghotel-rasis.at\/wp-content\/uploads\/2022\/11\/Berghotel-Rasis-Galtuer-Ischgl-Speisesaal5.png 411w, https:\/\/berghotel-rasis.at\/wp-content\/uploads\/2022\/11\/Berghotel-Rasis-Galtuer-Ischgl-Speisesaal5-300x300.png 300w, https:\/\/berghotel-rasis.at\/wp-content\/uploads\/2022\/11\/Berghotel-Rasis-Galtuer-Ischgl-Speisesaal5-150x150.png 150w\" sizes=\"(max-width: 411px) 100vw, 411px\" \/>\t\t\t\t\t\t\t\t\t\t\t\t\t\t\t<\/div>\n\t\t\t\t<\/div>\n\t\t\t\t<div class=\"elementor-element elementor-element-54ec2674 elementor-widget__width-auto elementor-absolute elementor-widget elementor-widget-image\" data-id=\"54ec2674\" data-element_type=\"widget\" data-e-type=\"widget\" data-settings=\"{&quot;_position&quot;:&quot;absolute&quot;}\" data-widget_type=\"image.default\">\n\t\t\t\t<div class=\"elementor-widget-container\">\n\t\t\t\t\t\t\t\t\t\t\t\t\t\t\t<img loading=\"lazy\" decoding=\"async\" width=\"995\" height=\"47\" src=\"https:\/\/berghotel-rasis.at\/wp-content\/uploads\/2022\/11\/Berhotel-Rasis-Galtuer-Band.png\" class=\"attachment-full size-full wp-image-3835\" alt=\"\" srcset=\"https:\/\/berghotel-rasis.at\/wp-content\/uploads\/2022\/11\/Berhotel-Rasis-Galtuer-Band.png 995w, https:\/\/berghotel-rasis.at\/wp-content\/uploads\/2022\/11\/Berhotel-Rasis-Galtuer-Band-300x14.png 300w, https:\/\/berghotel-rasis.at\/wp-content\/uploads\/2022\/11\/Berhotel-Rasis-Galtuer-Band-768x36.png 768w\" sizes=\"(max-width: 995px) 100vw, 995px\" \/>\t\t\t\t\t\t\t\t\t\t\t\t\t\t\t<\/div>\n\t\t\t\t<\/div>\n\t\t\t\t\t<\/div>\n\t\t<\/div>\n\t\t\t\t\t<\/div>\n\t\t<\/section>\n\t\t\t\t<section class=\"elementor-section elementor-inner-section elementor-element elementor-element-3bbf0c2 elementor-section-boxed elementor-section-height-default elementor-section-height-default\" data-id=\"3bbf0c2\" data-element_type=\"section\" data-e-type=\"section\">\n\t\t\t\t\t\t<div class=\"elementor-container elementor-column-gap-default\">\n\t\t\t\t\t<div class=\"elementor-column elementor-col-100 elementor-inner-column elementor-element elementor-element-29826a2c\" data-id=\"29826a2c\" data-element_type=\"column\" data-e-type=\"column\">\n\t\t\t<div class=\"elementor-widget-wrap elementor-element-populated\">\n\t\t\t\t\t\t<div class=\"elementor-element elementor-element-7e8e85c1 elementor-widget elementor-widget-heading\" data-id=\"7e8e85c1\" data-element_type=\"widget\" data-e-type=\"widget\" data-widget_type=\"heading.default\">\n\t\t\t\t<div class=\"elementor-widget-container\">\n\t\t\t\t\t<h2 class=\"elementor-heading-title elementor-size-default\">Cozy and down-to-earth <\/h2>\t\t\t\t<\/div>\n\t\t\t\t<\/div>\n\t\t\t\t<div class=\"elementor-element elementor-element-3184f880 decr-top elementor-widget elementor-widget-heading\" data-id=\"3184f880\" data-element_type=\"widget\" data-e-type=\"widget\" data-widget_type=\"heading.default\">\n\t\t\t\t<div class=\"elementor-widget-container\">\n\t\t\t\t\t<h1 class=\"elementor-heading-title elementor-size-default\">The Caf\u00e9 Rasis<\/h1>\t\t\t\t<\/div>\n\t\t\t\t<\/div>\n\t\t\t\t<div class=\"elementor-element elementor-element-1f424303 elementor-widget elementor-widget-text-editor\" data-id=\"1f424303\" data-element_type=\"widget\" data-e-type=\"widget\" data-widget_type=\"text-editor.default\">\n\t\t\t\t<div class=\"elementor-widget-container\">\n\t\t\t\t\t\t\t\t\t<p>Our Caf\u00e9 Rasis is a place where people come together, a place of pleasure and good entertainment. When the weather is fine, the terrace tempts you into tasting a sinful piece of cake or a tasty ice cream creation and to enjoy every sunray.<\/p>\n<p>In the evening our guests are lured into our <strong>cozy Swiss pine \u201cStube\u201d<\/strong> and to the hotel bar, which awaits you with genuine <strong>Tyrolean flair<\/strong>. Nice conversations, a cold drink and delicious hearty snacks for the small appetite are the perfect way to end the evening.<\/p>\n\t\t\t\t\t\t\t\t<\/div>\n\t\t\t\t<\/div>\n\t\t\t\t<div class=\"elementor-element elementor-element-9b5c587 elementor-widget elementor-widget-button\" data-id=\"9b5c587\" data-element_type=\"widget\" data-e-type=\"widget\" data-widget_type=\"button.default\">\n\t\t\t\t<div class=\"elementor-widget-container\">\n\t\t\t\t\t\t\t\t\t<div class=\"elementor-button-wrapper\">\n\t\t\t\t\t<a class=\"elementor-button elementor-button-link elementor-size-sm\" href=\"https:\/\/berghotel-rasis.at\/wp-content\/uploads\/2024\/12\/Speisekarte_Homepage_2025.pdf\" target=\"_blank\">\n\t\t\t\t\t\t<span class=\"elementor-button-content-wrapper\">\n\t\t\t\t\t\t\t\t\t<span class=\"elementor-button-text\">Menu<\/span>\n\t\t\t\t\t<\/span>\n\t\t\t\t\t<\/a>\n\t\t\t\t<\/div>\n\t\t\t\t\t\t\t\t<\/div>\n\t\t\t\t<\/div>\n\t\t\t\t\t<\/div>\n\t\t<\/div>\n\t\t\t\t\t<\/div>\n\t\t<\/section>\n\t\t\t\t<section class=\"elementor-section elementor-inner-section elementor-element elementor-element-376aa41 elementor-section-height-min-height elementor-hidden-desktop elementor-hidden-laptop elementor-hidden-tablet_extra elementor-section-boxed elementor-section-height-default\" data-id=\"376aa41\" data-element_type=\"section\" data-e-type=\"section\">\n\t\t\t\t\t\t<div class=\"elementor-container elementor-column-gap-default\">\n\t\t\t\t\t<div class=\"elementor-column elementor-col-100 elementor-inner-column elementor-element elementor-element-3363f8cd drei-bilder-mobil\" data-id=\"3363f8cd\" data-element_type=\"column\" data-e-type=\"column\">\n\t\t\t<div class=\"elementor-widget-wrap elementor-element-populated\">\n\t\t\t\t\t\t<div class=\"elementor-element elementor-element-683f9435 elementor-widget__width-auto elementor-widget-mobile__width-auto img1-mobil elementor-widget elementor-widget-image\" data-id=\"683f9435\" data-element_type=\"widget\" data-e-type=\"widget\" data-widget_type=\"image.default\">\n\t\t\t\t<div class=\"elementor-widget-container\">\n\t\t\t\t\t\t\t\t\t\t\t\t\t\t\t<img fetchpriority=\"high\" decoding=\"async\" width=\"554\" height=\"554\" src=\"https:\/\/berghotel-rasis.at\/wp-content\/uploads\/2022\/11\/Berghotel-Rasis-Galtuer-Ischgl-Speisesaal2.png\" class=\"attachment-full size-full wp-image-3873\" alt=\"\" srcset=\"https:\/\/berghotel-rasis.at\/wp-content\/uploads\/2022\/11\/Berghotel-Rasis-Galtuer-Ischgl-Speisesaal2.png 554w, https:\/\/berghotel-rasis.at\/wp-content\/uploads\/2022\/11\/Berghotel-Rasis-Galtuer-Ischgl-Speisesaal2-300x300.png 300w, https:\/\/berghotel-rasis.at\/wp-content\/uploads\/2022\/11\/Berghotel-Rasis-Galtuer-Ischgl-Speisesaal2-150x150.png 150w\" sizes=\"(max-width: 554px) 100vw, 554px\" \/>\t\t\t\t\t\t\t\t\t\t\t\t\t\t\t<\/div>\n\t\t\t\t<\/div>\n\t\t\t\t<div class=\"elementor-element elementor-element-38283d5a elementor-widget__width-auto img2-mobil elementor-widget elementor-widget-image\" data-id=\"38283d5a\" data-element_type=\"widget\" data-e-type=\"widget\" data-widget_type=\"image.default\">\n\t\t\t\t<div class=\"elementor-widget-container\">\n\t\t\t\t\t\t\t\t\t\t\t\t\t\t\t<img decoding=\"async\" width=\"411\" height=\"411\" src=\"https:\/\/berghotel-rasis.at\/wp-content\/uploads\/2022\/11\/Berghotel_Rasis_Hotelbar_Zirbenstube.png\" class=\"attachment-full size-full wp-image-3877\" alt=\"\" srcset=\"https:\/\/berghotel-rasis.at\/wp-content\/uploads\/2022\/11\/Berghotel_Rasis_Hotelbar_Zirbenstube.png 411w, https:\/\/berghotel-rasis.at\/wp-content\/uploads\/2022\/11\/Berghotel_Rasis_Hotelbar_Zirbenstube-300x300.png 300w, https:\/\/berghotel-rasis.at\/wp-content\/uploads\/2022\/11\/Berghotel_Rasis_Hotelbar_Zirbenstube-150x150.png 150w\" sizes=\"(max-width: 411px) 100vw, 411px\" \/>\t\t\t\t\t\t\t\t\t\t\t\t\t\t\t<\/div>\n\t\t\t\t<\/div>\n\t\t\t\t<div class=\"elementor-element elementor-element-eebc268 elementor-widget__width-auto img3-mobil elementor-widget elementor-widget-image\" data-id=\"eebc268\" data-element_type=\"widget\" data-e-type=\"widget\" data-widget_type=\"image.default\">\n\t\t\t\t<div class=\"elementor-widget-container\">\n\t\t\t\t\t\t\t\t\t\t\t\t\t\t\t<img decoding=\"async\" width=\"411\" height=\"411\" src=\"https:\/\/berghotel-rasis.at\/wp-content\/uploads\/2022\/11\/Berghotel-Rasis-Galtuer-Ischgl-Speisesaal5.png\" class=\"attachment-full size-full wp-image-3875\" alt=\"\" srcset=\"https:\/\/berghotel-rasis.at\/wp-content\/uploads\/2022\/11\/Berghotel-Rasis-Galtuer-Ischgl-Speisesaal5.png 411w, https:\/\/berghotel-rasis.at\/wp-content\/uploads\/2022\/11\/Berghotel-Rasis-Galtuer-Ischgl-Speisesaal5-300x300.png 300w, https:\/\/berghotel-rasis.at\/wp-content\/uploads\/2022\/11\/Berghotel-Rasis-Galtuer-Ischgl-Speisesaal5-150x150.png 150w\" sizes=\"(max-width: 411px) 100vw, 411px\" \/>\t\t\t\t\t\t\t\t\t\t\t\t\t\t\t<\/div>\n\t\t\t\t<\/div>\n\t\t\t\t<div class=\"elementor-element elementor-element-7b2f81b6 elementor-widget__width-auto elementor-absolute elementor-widget elementor-widget-image\" data-id=\"7b2f81b6\" data-element_type=\"widget\" data-e-type=\"widget\" data-settings=\"{&quot;_position&quot;:&quot;absolute&quot;}\" data-widget_type=\"image.default\">\n\t\t\t\t<div class=\"elementor-widget-container\">\n\t\t\t\t\t\t\t\t\t\t\t\t\t\t\t<img loading=\"lazy\" decoding=\"async\" width=\"995\" height=\"47\" src=\"https:\/\/berghotel-rasis.at\/wp-content\/uploads\/2022\/11\/Berhotel-Rasis-Galtuer-Band.png\" class=\"attachment-full size-full wp-image-3835\" alt=\"\" srcset=\"https:\/\/berghotel-rasis.at\/wp-content\/uploads\/2022\/11\/Berhotel-Rasis-Galtuer-Band.png 995w, https:\/\/berghotel-rasis.at\/wp-content\/uploads\/2022\/11\/Berhotel-Rasis-Galtuer-Band-300x14.png 300w, https:\/\/berghotel-rasis.at\/wp-content\/uploads\/2022\/11\/Berhotel-Rasis-Galtuer-Band-768x36.png 768w\" sizes=\"(max-width: 995px) 100vw, 995px\" \/>\t\t\t\t\t\t\t\t\t\t\t\t\t\t\t<\/div>\n\t\t\t\t<\/div>\n\t\t\t\t\t<\/div>\n\t\t<\/div>\n\t\t\t\t\t<\/div>\n\t\t<\/section>\n\t\t\t\t\t<\/div>\n\t\t<\/div>\n\t\t\t\t\t<\/div>\n\t\t<\/section>\n\t\t\t\t<\/div>\n\t\t","protected":false},"excerpt":{"rendered":"<p>Cozy and down-to-earth The Caf\u00e9 Rasis Our Caf\u00e9 Rasis is a place where people come together, a place of pleasure and good entertainment. When the weather is fine, the terrace tempts you into tasting a sinful piece of cake or a tasty ice cream creation and to enjoy every sunray. In the evening our guests [&hellip;]<\/p>\n","protected":false},"author":1,"featured_media":0,"parent":3993,"menu_order":2,"comment_status":"closed","ping_status":"closed","template":"","meta":{"_acf_changed":false,"footnotes":""},"class_list":["post-3997","page","type-page","status-publish","hentry"],"acf":[],"yoast_head":"<!-- This site is optimized with the Yoast SEO plugin v27.4 - https:\/\/yoast.com\/product\/yoast-seo-wordpress\/ -->\n<title>Berghotel Rasis | Galt\u00fcr, Paznauntal, Tyrol | Caf\u00e9 Rasis<\/title>\n<meta name=\"description\" content=\"Cozy and traditional caf\u00e9 in Galt\u00fcr with a cozy pine lounge and sun terrace. Drinks, cakes, small snacks.\" \/>\n<meta name=\"robots\" content=\"index, follow, max-snippet:-1, max-image-preview:large, max-video-preview:-1\" \/>\n<link rel=\"canonical\" href=\"https:\/\/berghotel-rasis.at\/en\/welcome\/the-cafe-rasis\/\" \/>\n<meta property=\"og:locale\" content=\"en_US\" \/>\n<meta property=\"og:type\" content=\"article\" \/>\n<meta property=\"og:title\" content=\"Berghotel Rasis | Galt\u00fcr, Paznauntal, Tyrol | Caf\u00e9 Rasis\" \/>\n<meta property=\"og:description\" content=\"Cozy and traditional caf\u00e9 in Galt\u00fcr with a cozy pine lounge and sun terrace. Drinks, cakes, small snacks.\" \/>\n<meta property=\"og:url\" content=\"https:\/\/berghotel-rasis.at\/en\/welcome\/the-cafe-rasis\/\" \/>\n<meta property=\"og:site_name\" content=\"Berghotel Rasis\" \/>\n<meta property=\"article:modified_time\" content=\"2026-04-13T12:24:30+00:00\" \/>\n<meta property=\"og:image\" content=\"https:\/\/berghotel-rasis.at\/wp-content\/uploads\/2022\/11\/Berghotel-Rasis-Galtuer-Ischgl-Speisesaal2.png\" \/>\n\t<meta property=\"og:image:width\" content=\"554\" \/>\n\t<meta property=\"og:image:height\" content=\"554\" \/>\n\t<meta property=\"og:image:type\" content=\"image\/png\" \/>\n<meta name=\"twitter:card\" content=\"summary_large_image\" \/>\n<script type=\"application\/ld+json\" class=\"yoast-schema-graph\">{\"@context\":\"https:\\\/\\\/schema.org\",\"@graph\":[{\"@type\":\"WebPage\",\"@id\":\"https:\\\/\\\/berghotel-rasis.at\\\/en\\\/welcome\\\/the-cafe-rasis\\\/\",\"url\":\"https:\\\/\\\/berghotel-rasis.at\\\/en\\\/welcome\\\/the-cafe-rasis\\\/\",\"name\":\"Berghotel Rasis | Galt\u00fcr, Paznauntal, Tyrol | Caf\u00e9 Rasis\",\"isPartOf\":{\"@id\":\"https:\\\/\\\/berghotel-rasis.at\\\/en\\\/#website\"},\"primaryImageOfPage\":{\"@id\":\"https:\\\/\\\/berghotel-rasis.at\\\/en\\\/welcome\\\/the-cafe-rasis\\\/#primaryimage\"},\"image\":{\"@id\":\"https:\\\/\\\/berghotel-rasis.at\\\/en\\\/welcome\\\/the-cafe-rasis\\\/#primaryimage\"},\"thumbnailUrl\":\"https:\\\/\\\/berghotel-rasis.at\\\/wp-content\\\/uploads\\\/2022\\\/11\\\/Berghotel-Rasis-Galtuer-Ischgl-Speisesaal2.png\",\"datePublished\":\"2022-11-15T07:44:13+00:00\",\"dateModified\":\"2026-04-13T12:24:30+00:00\",\"description\":\"Cozy and traditional caf\u00e9 in Galt\u00fcr with a cozy pine lounge and sun terrace. Drinks, cakes, small snacks.\",\"breadcrumb\":{\"@id\":\"https:\\\/\\\/berghotel-rasis.at\\\/en\\\/welcome\\\/the-cafe-rasis\\\/#breadcrumb\"},\"inLanguage\":\"en-US\",\"potentialAction\":[{\"@type\":\"ReadAction\",\"target\":[\"https:\\\/\\\/berghotel-rasis.at\\\/en\\\/welcome\\\/the-cafe-rasis\\\/\"]}]},{\"@type\":\"ImageObject\",\"inLanguage\":\"en-US\",\"@id\":\"https:\\\/\\\/berghotel-rasis.at\\\/en\\\/welcome\\\/the-cafe-rasis\\\/#primaryimage\",\"url\":\"https:\\\/\\\/berghotel-rasis.at\\\/wp-content\\\/uploads\\\/2022\\\/11\\\/Berghotel-Rasis-Galtuer-Ischgl-Speisesaal2.png\",\"contentUrl\":\"https:\\\/\\\/berghotel-rasis.at\\\/wp-content\\\/uploads\\\/2022\\\/11\\\/Berghotel-Rasis-Galtuer-Ischgl-Speisesaal2.png\"},{\"@type\":\"BreadcrumbList\",\"@id\":\"https:\\\/\\\/berghotel-rasis.at\\\/en\\\/welcome\\\/the-cafe-rasis\\\/#breadcrumb\",\"itemListElement\":[{\"@type\":\"ListItem\",\"position\":1,\"name\":\"Startseite\",\"item\":\"https:\\\/\\\/berghotel-rasis.at\\\/en\\\/\"},{\"@type\":\"ListItem\",\"position\":2,\"name\":\"Welcome\",\"item\":\"https:\\\/\\\/berghotel-rasis.at\\\/en\\\/\"},{\"@type\":\"ListItem\",\"position\":3,\"name\":\"The Caf\u00e9 Rasis\"}]},{\"@type\":\"WebSite\",\"@id\":\"https:\\\/\\\/berghotel-rasis.at\\\/en\\\/#website\",\"url\":\"https:\\\/\\\/berghotel-rasis.at\\\/en\\\/\",\"name\":\"Berghotel Rasis\",\"description\":\"Hotel in Galt\u00fcr | Paznaun | Tirol\",\"publisher\":{\"@id\":\"https:\\\/\\\/berghotel-rasis.at\\\/en\\\/#organization\"},\"potentialAction\":[{\"@type\":\"SearchAction\",\"target\":{\"@type\":\"EntryPoint\",\"urlTemplate\":\"https:\\\/\\\/berghotel-rasis.at\\\/en\\\/?s={search_term_string}\"},\"query-input\":{\"@type\":\"PropertyValueSpecification\",\"valueRequired\":true,\"valueName\":\"search_term_string\"}}],\"inLanguage\":\"en-US\"},{\"@type\":\"Organization\",\"@id\":\"https:\\\/\\\/berghotel-rasis.at\\\/en\\\/#organization\",\"name\":\"Berghotel Rasis\",\"url\":\"https:\\\/\\\/berghotel-rasis.at\\\/en\\\/\",\"logo\":{\"@type\":\"ImageObject\",\"inLanguage\":\"en-US\",\"@id\":\"https:\\\/\\\/berghotel-rasis.at\\\/en\\\/#\\\/schema\\\/logo\\\/image\\\/\",\"url\":\"https:\\\/\\\/berghotel-rasis.at\\\/wp-content\\\/uploads\\\/2022\\\/11\\\/Berghotel-Rasis-Galtuer-Logo-gross.png\",\"contentUrl\":\"https:\\\/\\\/berghotel-rasis.at\\\/wp-content\\\/uploads\\\/2022\\\/11\\\/Berghotel-Rasis-Galtuer-Logo-gross.png\",\"width\":267,\"height\":166,\"caption\":\"Berghotel Rasis\"},\"image\":{\"@id\":\"https:\\\/\\\/berghotel-rasis.at\\\/en\\\/#\\\/schema\\\/logo\\\/image\\\/\"}}]}<\/script>\n<!-- \/ Yoast SEO plugin. -->","yoast_head_json":{"title":"Berghotel Rasis | Galt\u00fcr, Paznauntal, Tyrol | Caf\u00e9 Rasis","description":"Cozy and traditional caf\u00e9 in Galt\u00fcr with a cozy pine lounge and sun terrace. Drinks, cakes, small snacks.","robots":{"index":"index","follow":"follow","max-snippet":"max-snippet:-1","max-image-preview":"max-image-preview:large","max-video-preview":"max-video-preview:-1"},"canonical":"https:\/\/berghotel-rasis.at\/en\/welcome\/the-cafe-rasis\/","og_locale":"en_US","og_type":"article","og_title":"Berghotel Rasis | Galt\u00fcr, Paznauntal, Tyrol | Caf\u00e9 Rasis","og_description":"Cozy and traditional caf\u00e9 in Galt\u00fcr with a cozy pine lounge and sun terrace. Drinks, cakes, small snacks.","og_url":"https:\/\/berghotel-rasis.at\/en\/welcome\/the-cafe-rasis\/","og_site_name":"Berghotel Rasis","article_modified_time":"2026-04-13T12:24:30+00:00","og_image":[{"width":554,"height":554,"url":"https:\/\/berghotel-rasis.at\/wp-content\/uploads\/2022\/11\/Berghotel-Rasis-Galtuer-Ischgl-Speisesaal2.png","type":"image\/png"}],"twitter_card":"summary_large_image","schema":{"@context":"https:\/\/schema.org","@graph":[{"@type":"WebPage","@id":"https:\/\/berghotel-rasis.at\/en\/welcome\/the-cafe-rasis\/","url":"https:\/\/berghotel-rasis.at\/en\/welcome\/the-cafe-rasis\/","name":"Berghotel Rasis | Galt\u00fcr, Paznauntal, Tyrol | Caf\u00e9 Rasis","isPartOf":{"@id":"https:\/\/berghotel-rasis.at\/en\/#website"},"primaryImageOfPage":{"@id":"https:\/\/berghotel-rasis.at\/en\/welcome\/the-cafe-rasis\/#primaryimage"},"image":{"@id":"https:\/\/berghotel-rasis.at\/en\/welcome\/the-cafe-rasis\/#primaryimage"},"thumbnailUrl":"https:\/\/berghotel-rasis.at\/wp-content\/uploads\/2022\/11\/Berghotel-Rasis-Galtuer-Ischgl-Speisesaal2.png","datePublished":"2022-11-15T07:44:13+00:00","dateModified":"2026-04-13T12:24:30+00:00","description":"Cozy and traditional caf\u00e9 in Galt\u00fcr with a cozy pine lounge and sun terrace. Drinks, cakes, small snacks.","breadcrumb":{"@id":"https:\/\/berghotel-rasis.at\/en\/welcome\/the-cafe-rasis\/#breadcrumb"},"inLanguage":"en-US","potentialAction":[{"@type":"ReadAction","target":["https:\/\/berghotel-rasis.at\/en\/welcome\/the-cafe-rasis\/"]}]},{"@type":"ImageObject","inLanguage":"en-US","@id":"https:\/\/berghotel-rasis.at\/en\/welcome\/the-cafe-rasis\/#primaryimage","url":"https:\/\/berghotel-rasis.at\/wp-content\/uploads\/2022\/11\/Berghotel-Rasis-Galtuer-Ischgl-Speisesaal2.png","contentUrl":"https:\/\/berghotel-rasis.at\/wp-content\/uploads\/2022\/11\/Berghotel-Rasis-Galtuer-Ischgl-Speisesaal2.png"},{"@type":"BreadcrumbList","@id":"https:\/\/berghotel-rasis.at\/en\/welcome\/the-cafe-rasis\/#breadcrumb","itemListElement":[{"@type":"ListItem","position":1,"name":"Startseite","item":"https:\/\/berghotel-rasis.at\/en\/"},{"@type":"ListItem","position":2,"name":"Welcome","item":"https:\/\/berghotel-rasis.at\/en\/"},{"@type":"ListItem","position":3,"name":"The Caf\u00e9 Rasis"}]},{"@type":"WebSite","@id":"https:\/\/berghotel-rasis.at\/en\/#website","url":"https:\/\/berghotel-rasis.at\/en\/","name":"Berghotel Rasis","description":"Hotel in Galt\u00fcr | Paznaun | Tirol","publisher":{"@id":"https:\/\/berghotel-rasis.at\/en\/#organization"},"potentialAction":[{"@type":"SearchAction","target":{"@type":"EntryPoint","urlTemplate":"https:\/\/berghotel-rasis.at\/en\/?s={search_term_string}"},"query-input":{"@type":"PropertyValueSpecification","valueRequired":true,"valueName":"search_term_string"}}],"inLanguage":"en-US"},{"@type":"Organization","@id":"https:\/\/berghotel-rasis.at\/en\/#organization","name":"Berghotel Rasis","url":"https:\/\/berghotel-rasis.at\/en\/","logo":{"@type":"ImageObject","inLanguage":"en-US","@id":"https:\/\/berghotel-rasis.at\/en\/#\/schema\/logo\/image\/","url":"https:\/\/berghotel-rasis.at\/wp-content\/uploads\/2022\/11\/Berghotel-Rasis-Galtuer-Logo-gross.png","contentUrl":"https:\/\/berghotel-rasis.at\/wp-content\/uploads\/2022\/11\/Berghotel-Rasis-Galtuer-Logo-gross.png","width":267,"height":166,"caption":"Berghotel Rasis"},"image":{"@id":"https:\/\/berghotel-rasis.at\/en\/#\/schema\/logo\/image\/"}}]}},"_links":{"self":[{"href":"https:\/\/berghotel-rasis.at\/en\/wp-json\/wp\/v2\/pages\/3997","targetHints":{"allow":["GET"]}}],"collection":[{"href":"https:\/\/berghotel-rasis.at\/en\/wp-json\/wp\/v2\/pages"}],"about":[{"href":"https:\/\/berghotel-rasis.at\/en\/wp-json\/wp\/v2\/types\/page"}],"author":[{"embeddable":true,"href":"https:\/\/berghotel-rasis.at\/en\/wp-json\/wp\/v2\/users\/1"}],"replies":[{"embeddable":true,"href":"https:\/\/berghotel-rasis.at\/en\/wp-json\/wp\/v2\/comments?post=3997"}],"version-history":[{"count":3,"href":"https:\/\/berghotel-rasis.at\/en\/wp-json\/wp\/v2\/pages\/3997\/revisions"}],"predecessor-version":[{"id":5816,"href":"https:\/\/berghotel-rasis.at\/en\/wp-json\/wp\/v2\/pages\/3997\/revisions\/5816"}],"up":[{"embeddable":true,"href":"https:\/\/berghotel-rasis.at\/en\/wp-json\/wp\/v2\/pages\/3993"}],"wp:attachment":[{"href":"https:\/\/berghotel-rasis.at\/en\/wp-json\/wp\/v2\/media?parent=3997"}],"curies":[{"name":"wp","href":"https:\/\/api.w.org\/{rel}","templated":true}]}}